{"id":258,"date":"2024-09-20T21:44:34","date_gmt":"2024-09-20T19:44:34","guid":{"rendered":"https:\/\/www.institutdeslangagesvibratoires.fr\/?post_type=product&#038;p=258"},"modified":"2025-05-13T14:20:46","modified_gmt":"2025-05-13T12:20:46","slug":"session-activation-individuelle","status":"publish","type":"product","link":"https:\/\/www.institutdeslangagesvibratoires.fr\/index.php\/produit\/session-activation-individuelle\/","title":{"rendered":"Activation langages vibratoires"},"content":{"rendered":"<p>Je t\u2019invite \u00e0 un voyage unique, une immersion dans le monde vibratoire o\u00f9 chaque instant est une exploration profonde de tes dimensions int\u00e9rieures. Cette session de 1h30 est con\u00e7ue comme un espace sacr\u00e9 pour naviguer dans les profondeurs de ton \u00eatre, une invitation \u00e0 changer ta perception du r\u00e9el en exp\u00e9rimentant directement la puissance du monde fr\u00e9quentiel.<\/p>\n<p>Au cours de cette activation, tu te connecteras \u00e0 ton langage vibratoire, un moyen puissant d\u2019\u00e9veiller ta conscience et de transformer ton regard sur la vie. Ce voyage te permet d\u2019utiliser ta voix et tes ressentis comme des instruments de r\u00e9sonance, ouvrant un dialogue intime avec les vibrations multidimensionnelles qui te traversent. En laissant \u00e9merger ces fr\u00e9quences, tu explores des \u00e9tats de conscience o\u00f9 le subtil se marie au physique, unissant ton essence \u00e0 la mati\u00e8re.<\/p>\n<p>Cette exp\u00e9rience transformatrice te guide \u00e0 manifester ta vie depuis ta propre vibration, \u00e0 incarner tes plus hautes fr\u00e9quences et \u00e0 ressentir pleinement le potentiel de chaque sensation. Viens d\u00e9couvrir et d\u00e9bloquer ton langage vibratoire, affiner ta connexion \u00e0 ce monde vivant, et int\u00e9grer ces dimensions profondes dans ta perception du quotidien.<\/p>\n<p><strong>Session d\u20191h30 en visio <\/strong><br \/>\nInclut : M\u00e9ditation profonde + \u00e9veil du langage de l\u2019\u00e2me<\/p>\n","protected":false},"excerpt":{"rendered":"<p>Je t\u2019invite \u00e0 un voyage unique, une immersion dans le monde vibratoire o\u00f9 chaque instant est une exploration profonde de tes dimensions int\u00e9rieures. Cette session de 1h30 est con\u00e7ue comme un espace sacr\u00e9 pour naviguer dans les profondeurs de ton \u00eatre, une invitation \u00e0 changer ta perception du r\u00e9el en [&hellip;]<\/p>\n","protected":false},"featured_media":616,"template":"","meta":[],"product_brand":[],"product_cat":[21],"product_tag":[],"class_list":{"0":"post-258","1":"product","2":"type-product","3":"status-publish","4":"has-post-thumbnail","6":"product_cat-approuve","8":"first","9":"instock","10":"virtual","11":"purchasable","12":"product-type-simple"},"_links":{"self":[{"href":"https:\/\/www.institutdeslangagesvibratoires.fr\/index.php\/wp-json\/wp\/v2\/product\/258","targetHints":{"allow":["GET"]}}],"collection":[{"href":"https:\/\/www.institutdeslangagesvibratoires.fr\/index.php\/wp-json\/wp\/v2\/product"}],"about":[{"href":"https:\/\/www.institutdeslangagesvibratoires.fr\/index.php\/wp-json\/wp\/v2\/types\/product"}],"wp:featuredmedia":[{"embeddable":true,"href":"https:\/\/www.institutdeslangagesvibratoires.fr\/index.php\/wp-json\/wp\/v2\/media\/616"}],"wp:attachment":[{"href":"https:\/\/www.institutdeslangagesvibratoires.fr\/index.php\/wp-json\/wp\/v2\/media?parent=258"}],"wp:term":[{"taxonomy":"product_brand","embeddable":true,"href":"https:\/\/www.institutdeslangagesvibratoires.fr\/index.php\/wp-json\/wp\/v2\/product_brand?post=258"},{"taxonomy":"product_cat","embeddable":true,"href":"https:\/\/www.institutdeslangagesvibratoires.fr\/index.php\/wp-json\/wp\/v2\/product_cat?post=258"},{"taxonomy":"product_tag","embeddable":true,"href":"https:\/\/www.institutdeslangagesvibratoires.fr\/index.php\/wp-json\/wp\/v2\/product_tag?post=258"}],"curies":[{"name":"wp","href":"https:\/\/api.w.org\/{rel}","templated":true}]}}